{"id":559,"date":"2021-09-27T11:59:08","date_gmt":"2021-09-27T11:59:08","guid":{"rendered":"https:\/\/sife.paradicsomklub.hu\/?page_id=559"},"modified":"2022-07-19T14:24:04","modified_gmt":"2022-07-19T14:24:04","slug":"news","status":"publish","type":"page","link":"https:\/\/sife.paradicsomklub.hu\/en\/news\/","title":{"rendered":"News"},"content":{"rendered":"<h6 style=\"text-align: right;\"><em>June 2022<\/em><\/h6><br>\r\n<h4 style=\"text-align: center;\">The SIFE program is finally realized at June 19-29.<\/h4>\r\nHere are a few pictures to give you a sneak peak:<br \/>\r\n<!-- default-view.php -->\n<div\n\tclass=\"ngg-galleryoverview default-view\"\n\tid=\"ngg-gallery-e39150147f998c570e0d83f5df8a1765-1\">\n\n\t\t<!-- Thumbnails -->\n\t\t\t\t<div id=\"ngg-image-0\" class=\"ngg-gallery-thumbnail-box\" >\n\t\t\t\t        <div class=\"ngg-gallery-thumbnail\">\n            <a href=\"https:\/\/sife.paradicsomklub.hu\/wp-content\/gallery\/hir_megvolt\/webre_01_resize.jpg\"\n               title=\"\"\n               data-src=\"https:\/\/sife.paradicsomklub.hu\/wp-content\/gallery\/hir_megvolt\/webre_01_resize.jpg\"\n               data-thumbnail=\"https:\/\/sife.paradicsomklub.hu\/wp-content\/gallery\/hir_megvolt\/thumbs\/thumbs_webre_01_resize.jpg\"\n               data-image-id=\"21\"\n               data-title=\"The rolling exhibition in Wien\"\n               data-description=\"\"\n               data-image-slug=\"webre_01_resize\"\n               class=\"ngg-simplelightbox\" rel=\"e39150147f998c570e0d83f5df8a1765\">\n                <img\n                    title=\"The rolling exhibition in Wien\"\n                    alt=\"The rolling exhibition in Wien\"\n                    src=\"https:\/\/sife.paradicsomklub.hu\/wp-content\/gallery\/hir_megvolt\/thumbs\/thumbs_webre_01_resize.jpg\"\n                    width=\"240\"\n                    height=\"160\"\n                    style=\"max-width:100%;\"\n                \/>\n            <\/a>\n        <\/div>\n\t\t\t\t\t\t\t<\/div> \n\t\t\t\n\t\t\t\t<div id=\"ngg-image-1\" class=\"ngg-gallery-thumbnail-box\" >\n\t\t\t\t        <div class=\"ngg-gallery-thumbnail\">\n            <a href=\"https:\/\/sife.paradicsomklub.hu\/wp-content\/gallery\/hir_megvolt\/webre_02_resize.jpg\"\n               title=\"\"\n               data-src=\"https:\/\/sife.paradicsomklub.hu\/wp-content\/gallery\/hir_megvolt\/webre_02_resize.jpg\"\n               data-thumbnail=\"https:\/\/sife.paradicsomklub.hu\/wp-content\/gallery\/hir_megvolt\/thumbs\/thumbs_webre_02_resize.jpg\"\n               data-image-id=\"19\"\n               data-title=\"Presentations in Wien\"\n               data-description=\"\"\n               data-image-slug=\"webre_02_resize\"\n               class=\"ngg-simplelightbox\" rel=\"e39150147f998c570e0d83f5df8a1765\">\n                <img\n                    title=\"Presentations in Wien\"\n                    alt=\"Presentations in Wien\"\n                    src=\"https:\/\/sife.paradicsomklub.hu\/wp-content\/gallery\/hir_megvolt\/thumbs\/thumbs_webre_02_resize.jpg\"\n                    width=\"240\"\n                    height=\"160\"\n                    style=\"max-width:100%;\"\n                \/>\n            <\/a>\n        <\/div>\n\t\t\t\t\t\t\t<\/div> \n\t\t\t\n\t\t\t\t<div id=\"ngg-image-2\" class=\"ngg-gallery-thumbnail-box\" >\n\t\t\t\t        <div class=\"ngg-gallery-thumbnail\">\n            <a href=\"https:\/\/sife.paradicsomklub.hu\/wp-content\/gallery\/hir_megvolt\/webre_03_resize.jpg\"\n               title=\"\"\n               data-src=\"https:\/\/sife.paradicsomklub.hu\/wp-content\/gallery\/hir_megvolt\/webre_03_resize.jpg\"\n               data-thumbnail=\"https:\/\/sife.paradicsomklub.hu\/wp-content\/gallery\/hir_megvolt\/thumbs\/thumbs_webre_03_resize.jpg\"\n               data-image-id=\"20\"\n               data-title=\"A quick stop from Wien to Bratislava\"\n               data-description=\"\"\n               data-image-slug=\"webre_03_resize\"\n               class=\"ngg-simplelightbox\" rel=\"e39150147f998c570e0d83f5df8a1765\">\n                <img\n                    title=\"A quick stop from Wien to Bratislava\"\n                    alt=\"A quick stop from Wien to Bratislava\"\n                    src=\"https:\/\/sife.paradicsomklub.hu\/wp-content\/gallery\/hir_megvolt\/thumbs\/thumbs_webre_03_resize.jpg\"\n                    width=\"240\"\n                    height=\"160\"\n                    style=\"max-width:100%;\"\n                \/>\n            <\/a>\n        <\/div>\n\t\t\t\t\t\t\t<\/div> \n\t\t\t\n\t\t\t\t<div id=\"ngg-image-3\" class=\"ngg-gallery-thumbnail-box\" >\n\t\t\t\t        <div class=\"ngg-gallery-thumbnail\">\n            <a href=\"https:\/\/sife.paradicsomklub.hu\/wp-content\/gallery\/hir_megvolt\/webre_04_resize.jpg\"\n               title=\"\"\n               data-src=\"https:\/\/sife.paradicsomklub.hu\/wp-content\/gallery\/hir_megvolt\/webre_04_resize.jpg\"\n               data-thumbnail=\"https:\/\/sife.paradicsomklub.hu\/wp-content\/gallery\/hir_megvolt\/thumbs\/thumbs_webre_04_resize.jpg\"\n               data-image-id=\"14\"\n               data-title=\"Bratislava\"\n               data-description=\"\"\n               data-image-slug=\"webre_04_resize\"\n               class=\"ngg-simplelightbox\" rel=\"e39150147f998c570e0d83f5df8a1765\">\n                <img\n                    title=\"Bratislava\"\n                    alt=\"Bratislava\"\n                    src=\"https:\/\/sife.paradicsomklub.hu\/wp-content\/gallery\/hir_megvolt\/thumbs\/thumbs_webre_04_resize.jpg\"\n                    width=\"240\"\n                    height=\"160\"\n                    style=\"max-width:100%;\"\n                \/>\n            <\/a>\n        <\/div>\n\t\t\t\t\t\t\t<\/div> \n\t\t\t\n\t\t\t\t<div id=\"ngg-image-4\" class=\"ngg-gallery-thumbnail-box\" >\n\t\t\t\t        <div class=\"ngg-gallery-thumbnail\">\n            <a href=\"https:\/\/sife.paradicsomklub.hu\/wp-content\/gallery\/hir_megvolt\/webre_05_resize.jpg\"\n               title=\"\"\n               data-src=\"https:\/\/sife.paradicsomklub.hu\/wp-content\/gallery\/hir_megvolt\/webre_05_resize.jpg\"\n               data-thumbnail=\"https:\/\/sife.paradicsomklub.hu\/wp-content\/gallery\/hir_megvolt\/thumbs\/thumbs_webre_05_resize.jpg\"\n               data-image-id=\"16\"\n               data-title=\"Photo taken in Bratislava \u2013 everyone appears on the picture\"\n               data-description=\"\"\n               data-image-slug=\"webre_05_resize\"\n               class=\"ngg-simplelightbox\" rel=\"e39150147f998c570e0d83f5df8a1765\">\n                <img\n                    title=\"Photo taken in Bratislava \u2013 everyone appears on the picture\"\n                    alt=\"Photo taken in Bratislava \u2013 everyone appears on the picture\"\n                    src=\"https:\/\/sife.paradicsomklub.hu\/wp-content\/gallery\/hir_megvolt\/thumbs\/thumbs_webre_05_resize.jpg\"\n                    width=\"240\"\n                    height=\"160\"\n                    style=\"max-width:100%;\"\n                \/>\n            <\/a>\n        <\/div>\n\t\t\t\t\t\t\t<\/div> \n\t\t\t\n\t\t\t\t<div id=\"ngg-image-5\" class=\"ngg-gallery-thumbnail-box\" >\n\t\t\t\t        <div class=\"ngg-gallery-thumbnail\">\n            <a href=\"https:\/\/sife.paradicsomklub.hu\/wp-content\/gallery\/hir_megvolt\/webre_06_resize.jpg\"\n               title=\"\"\n               data-src=\"https:\/\/sife.paradicsomklub.hu\/wp-content\/gallery\/hir_megvolt\/webre_06_resize.jpg\"\n               data-thumbnail=\"https:\/\/sife.paradicsomklub.hu\/wp-content\/gallery\/hir_megvolt\/thumbs\/thumbs_webre_06_resize.jpg\"\n               data-image-id=\"15\"\n               data-title=\"Aniko Nagy giving an interview to the RTL Klub, Hungary\"\n               data-description=\"\"\n               data-image-slug=\"webre_06_resize\"\n               class=\"ngg-simplelightbox\" rel=\"e39150147f998c570e0d83f5df8a1765\">\n                <img\n                    title=\"Aniko Nagy giving an interview to the RTL Klub, Hungary\"\n                    alt=\"Aniko Nagy giving an interview to the RTL Klub, Hungary\"\n                    src=\"https:\/\/sife.paradicsomklub.hu\/wp-content\/gallery\/hir_megvolt\/thumbs\/thumbs_webre_06_resize.jpg\"\n                    width=\"240\"\n                    height=\"160\"\n                    style=\"max-width:100%;\"\n                \/>\n            <\/a>\n        <\/div>\n\t\t\t\t\t\t\t<\/div> \n\t\t\t\n\t\t\t\t<div id=\"ngg-image-6\" class=\"ngg-gallery-thumbnail-box\" >\n\t\t\t\t        <div class=\"ngg-gallery-thumbnail\">\n            <a href=\"https:\/\/sife.paradicsomklub.hu\/wp-content\/gallery\/hir_megvolt\/webre_07_resize.jpg\"\n               title=\"\"\n               data-src=\"https:\/\/sife.paradicsomklub.hu\/wp-content\/gallery\/hir_megvolt\/webre_07_resize.jpg\"\n               data-thumbnail=\"https:\/\/sife.paradicsomklub.hu\/wp-content\/gallery\/hir_megvolt\/thumbs\/thumbs_webre_07_resize.jpg\"\n               data-image-id=\"17\"\n               data-title=\"World Caf\u00e9 in Gy\u0151r, Hungary\"\n               data-description=\"\"\n               data-image-slug=\"webre_07_resize\"\n               class=\"ngg-simplelightbox\" rel=\"e39150147f998c570e0d83f5df8a1765\">\n                <img\n                    title=\"World Caf\u00e9 in Gy\u0151r, Hungary\"\n                    alt=\"World Caf\u00e9 in Gy\u0151r, Hungary\"\n                    src=\"https:\/\/sife.paradicsomklub.hu\/wp-content\/gallery\/hir_megvolt\/thumbs\/thumbs_webre_07_resize.jpg\"\n                    width=\"240\"\n                    height=\"160\"\n                    style=\"max-width:100%;\"\n                \/>\n            <\/a>\n        <\/div>\n\t\t\t\t\t\t\t<\/div> \n\t\t\t\n\t\t\t\t<div id=\"ngg-image-7\" class=\"ngg-gallery-thumbnail-box\" >\n\t\t\t\t        <div class=\"ngg-gallery-thumbnail\">\n            <a href=\"https:\/\/sife.paradicsomklub.hu\/wp-content\/gallery\/hir_megvolt\/webre_08_resize.jpg\"\n               title=\"\"\n               data-src=\"https:\/\/sife.paradicsomklub.hu\/wp-content\/gallery\/hir_megvolt\/webre_08_resize.jpg\"\n               data-thumbnail=\"https:\/\/sife.paradicsomklub.hu\/wp-content\/gallery\/hir_megvolt\/thumbs\/thumbs_webre_08_resize.jpg\"\n               data-image-id=\"18\"\n               data-title=\"The rolling exhibition in Budapest\"\n               data-description=\"\"\n               data-image-slug=\"webre_08_resize\"\n               class=\"ngg-simplelightbox\" rel=\"e39150147f998c570e0d83f5df8a1765\">\n                <img\n                    title=\"The rolling exhibition in Budapest\"\n                    alt=\"The rolling exhibition in Budapest\"\n                    src=\"https:\/\/sife.paradicsomklub.hu\/wp-content\/gallery\/hir_megvolt\/thumbs\/thumbs_webre_08_resize.jpg\"\n                    width=\"240\"\n                    height=\"160\"\n                    style=\"max-width:100%;\"\n                \/>\n            <\/a>\n        <\/div>\n\t\t\t\t\t\t\t<\/div> \n\t\t\t\n\t\n\t<br style=\"clear: both\" \/>\n\n\t\n\t\t<!-- Pagination -->\n\t<div class='ngg-clear'><\/div>\t<\/div>\n<br \/>\r\n\u2022 Please, follow our Facebook page: <a href=\"https:\/\/www.facebook.com\/SportIsForEveryone\" target=\"_blank\" rel=\"noopener\">https:\/\/www.facebook.com\/SportIsForEveryone<\/a><br>\r\n\u2022 and our Instagram page as well: <a href=\"https:\/\/instagram.com\/SIFE_project\" target=\"_blank\" rel=\"noopener\">https:\/\/www.facebook.com\/SportIsForEveryone<\/a><br><br>\r\n<hr>\r\n<h6 style=\"text-align: right;\"><em>December 2021<\/em><\/h6><br>\r\nDue to the COVID situation, we had to postpone the SIFE project in 2020 - we postponed the program for one year. In the meantim, we implemented and planned the program to harmonize with the spirit of the SIFE program.<br><br>","protected":false},"excerpt":{"rendered":"<p>2022. j\u00fanius A SIFE program 2022. j\u00fanius 19-29. k\u00f6z\u00f6tt v\u00e9gre megval\u00f3sult \u00cdzel\u00edt\u0151\u00fcl mutatunk p\u00e1r k\u00e9pet: \u2022 k\u00f6vess\u00e9k be a Facebook oldalunkat: https:\/\/www.facebook.com\/SportIsForEveryone \u2022 \u00e9s az Instagram oldalunkat: https:\/\/www.facebook.com\/SportIsForEveryone 2021. december A COVID helyzet miatt a SIFE projektet 2020-ban el kellett halasztanunk \u2013 az eredetileg egy \u00e9vesre tervezett programot meghosszabbitottuk. T\u0151bb a SIFE program szellemis\u00e9g\u00e9vel harmoniz\u00e1l\u00f3 [&hellip;]<\/p>","protected":false},"author":2,"featured_media":0,"parent":0,"menu_order":0,"comment_status":"closed","ping_status":"closed","template":"","meta":{"ngg_post_thumbnail":0,"footnotes":""},"class_list":["post-559","page","type-page","status-publish","hentry"],"rise-blocks_excerpt":"2022. j\u00fanius A SIFE program 2022. j\u00fanius 19-29. k\u00f6z\u00f6tt v\u00e9gre megval\u00f3sult \u00cdzel\u00edt\u0151\u00fcl mutatunk p\u00e1r k\u00e9pet: \u2022 k\u00f6vess\u00e9k be a Facebook oldalunkat: https:\/\/www.facebook.com\/SportIsForEveryone \u2022 \u00e9s az Instagram oldalunkat: https:\/\/www.facebook.com\/SportIsForEveryone 2021. december A COVID helyzet miatt a SIFE projektet 2020-ban el kellett halasztanunk \u2013 az eredetileg egy \u00e9vesre tervezett programot meghosszabbitottuk. T\u0151bb a SIFE program szellemis\u00e9g\u00e9vel harmoniz\u00e1l\u00f3 programot val\u00f3s\u00edtottunk meg \u00e9s tervez\u00fcnk..","_links":{"self":[{"href":"https:\/\/sife.paradicsomklub.hu\/en\/wp-json\/wp\/v2\/pages\/559","targetHints":{"allow":["GET"]}}],"collection":[{"href":"https:\/\/sife.paradicsomklub.hu\/en\/wp-json\/wp\/v2\/pages"}],"about":[{"href":"https:\/\/sife.paradicsomklub.hu\/en\/wp-json\/wp\/v2\/types\/page"}],"author":[{"embeddable":true,"href":"https:\/\/sife.paradicsomklub.hu\/en\/wp-json\/wp\/v2\/users\/2"}],"replies":[{"embeddable":true,"href":"https:\/\/sife.paradicsomklub.hu\/en\/wp-json\/wp\/v2\/comments?post=559"}],"version-history":[{"count":12,"href":"https:\/\/sife.paradicsomklub.hu\/en\/wp-json\/wp\/v2\/pages\/559\/revisions"}],"predecessor-version":[{"id":655,"href":"https:\/\/sife.paradicsomklub.hu\/en\/wp-json\/wp\/v2\/pages\/559\/revisions\/655"}],"wp:attachment":[{"href":"https:\/\/sife.paradicsomklub.hu\/en\/wp-json\/wp\/v2\/media?parent=559"}],"curies":[{"name":"wp","href":"https:\/\/api.w.org\/{rel}","templated":true}]}}